{"version":"1.0","provider_name":"Neimcke - Weil jedes Teil z\u00e4hlt!  Gro\u00dfhandel f\u00fcr Kfz-Ersatzteile, Verschlei\u00dfteile und Werkstatteinrichtung. | Gro\u00dfhandel, Autoteile, Autozubeh\u00f6r, Werkstatteinrichtung","provider_url":"https:\/\/www.neimcke.de\/at\/","author_name":"Thomas Steiner","author_url":"https:\/\/www.neimcke.de\/at\/author\/bitminds\/","title":"Neimcke Hausmesse 2016 in Traunstein - Neimcke - Weil jedes Teil z\u00e4hlt! Gro\u00dfhandel f\u00fcr Kfz-Ersatzteile, Verschlei\u00dfteile und Werkstatteinrichtung. | Gro\u00dfhandel, Autoteile, Autozubeh\u00f6r, Werkstatteinrichtung","type":"rich","width":600,"height":338,"html":"<blockquote class=\"wp-embedded-content\" data-secret=\"ruGon7gpKj\"><a href=\"https:\/\/www.neimcke.de\/at\/neimcke-hausmesse-2016-in-traunstein\/\">Neimcke Hausmesse 2016 in Traunstein<\/a><\/blockquote><iframe sandbox=\"allow-scripts\" security=\"restricted\" src=\"https:\/\/www.neimcke.de\/at\/neimcke-hausmesse-2016-in-traunstein\/embed\/#?secret=ruGon7gpKj\" width=\"600\" height=\"338\" title=\"&#8220;Neimcke Hausmesse 2016 in Traunstein&#8221; &#8212; Neimcke - Weil jedes Teil z\u00e4hlt!  Gro\u00dfhandel f\u00fcr Kfz-Ersatzteile, Verschlei\u00dfteile und Werkstatteinrichtung. | Gro\u00dfhandel, Autoteile, Autozubeh\u00f6r, Werkstatteinrichtung\" data-secret=\"ruGon7gpKj\" frameborder=\"0\" marginwidth=\"0\" marginheight=\"0\" scrolling=\"no\" class=\"wp-embedded-content\"><\/iframe><script type=\"text\/javascript\">\n\/* <![CDATA[ *\/\n\/*! This file is auto-generated *\/\n!function(d,l){\"use strict\";l.querySelector&&d.addEventListener&&\"undefined\"!=typeof URL&&(d.wp=d.wp||{},d.wp.receiveEmbedMessage||(d.wp.receiveEmbedMessage=function(e){var t=e.data;if((t||t.secret||t.message||t.value)&&!\/[^a-zA-Z0-9]\/.test(t.secret)){for(var s,r,n,a=l.querySelectorAll('iframe[data-secret=\"'+t.secret+'\"]'),o=l.querySelectorAll('blockquote[data-secret=\"'+t.secret+'\"]'),c=new RegExp(\"^https?:$\",\"i\"),i=0;i<o.length;i++)o[i].style.display=\"none\";for(i=0;i<a.length;i++)s=a[i],e.source===s.contentWindow&&(s.removeAttribute(\"style\"),\"height\"===t.message?(1e3<(r=parseInt(t.value,10))?r=1e3:~~r<200&&(r=200),s.height=r):\"link\"===t.message&&(r=new URL(s.getAttribute(\"src\")),n=new URL(t.value),c.test(n.protocol))&&n.host===r.host&&l.activeElement===s&&(d.top.location.href=t.value))}},d.addEventListener(\"message\",d.wp.receiveEmbedMessage,!1),l.addEventListener(\"DOMContentLoaded\",function(){for(var e,t,s=l.querySelectorAll(\"iframe.wp-embedded-content\"),r=0;r<s.length;r++)(t=(e=s[r]).getAttribute(\"data-secret\"))||(t=Math.random().toString(36).substring(2,12),e.src+=\"#?secret=\"+t,e.setAttribute(\"data-secret\",t)),e.contentWindow.postMessage({message:\"ready\",secret:t},\"*\")},!1)))}(window,document);\n\/\/# sourceURL=https:\/\/www.neimcke.de\/wp-includes\/js\/wp-embed.min.js\n\/* ]]> *\/\n<\/script>\n","description":"Mehr als 3.500 Besucher kamen am 15. und 16. Oktober zu unserer Hausmesse nach Traunstein und informierten sich bei \u00fcber 130 Ausstellern \u00fcber Neues und Wissenswertes aus der Branche. \u00dcber Ihren Besuch haben wir uns sehr gefreut und bedanken uns recht herzlich bei Ihnen.Unser besonderer Dank gilt auch den Ausstellern und allen Mitarbeitern, die mit&nbsp; &hellip; Read more"}